{"id":124,"date":"2013-04-24T18:14:54","date_gmt":"2013-04-24T21:14:54","guid":{"rendered":"https:\/\/ifbaiano.edu.br\/napne\/?page_id=124"},"modified":"2014-01-13T13:45:57","modified_gmt":"2014-01-13T16:45:57","slug":"legislacao-links","status":"publish","type":"page","link":"https:\/\/napne.ifbaiano.edu.br\/portal\/?page_id=124","title":{"rendered":"Legisla\u00e7\u00e3o"},"content":{"rendered":"<p><strong>Legisla\u00e7\u00e3o em \u00e1udio<\/strong>\u00a0&#8211; clique <a title=\"aqui\" href=\"https:\/\/napne.ifbaiano.edu.br\/portal\/?p=169\">aqui<\/a>\u00a0&#8211; <a href=\"https:\/\/napne.ifbaiano.edu.br\/portal\/?p=169\">https:\/\/napne.ifbaiano.edu.br\/portal\/?p=169<\/a><\/p>\n<p><strong>Constitui\u00e7\u00e3o Federal de 1988 \u2013 <\/strong>Educa\u00e7\u00e3o Especial <strong> <\/strong><\/p>\n<p>[&#8230;] Art. 205. A educa\u00e7\u00e3o, direito de todos e dever do Estado e da fam\u00edlia, ser\u00e1 promovida e incentivada com a colabora\u00e7\u00e3o da sociedade, visando ao pleno desenvolvimento da pessoa, seu preparo para o exerc\u00edcio da cidadania e sua qualifica\u00e7\u00e3o para o trabalho[&#8230;]<\/p>\n<p><strong>LEIS<\/strong><\/p>\n<p><strong><a href=\"http:\/\/www.planalto.gov.br\/ccivil_03\/_Ato2011-2014\/2013\/Lei\/L12796.htm\">Lei n\u00b0 12.796\/13<\/a><\/strong> \u2013 Altera a Lei n\u00b09.394, de 20 de dezembro de 1996, que estabelece as diretrizes e bases da educa\u00e7\u00e3o naciona, para dispor sobre a forma\u00e7\u00e3o dos profissionais da educa\u00e7\u00e3o e d\u00e1 outras provid\u00eancias.<\/p>\n<p><strong><a href=\"http:\/\/www.planalto.gov.br\/ccivil_03\/_ato2011-2014\/2012\/lei\/l12764.htm\">Lei n\u00b012.764\/12<\/a> <\/strong>&#8211; Institui a Pol\u00edtica Nacional de Prote\u00e7\u00e3o dos direitos da Pessoa com transtorno do Espectro Autista; e altera o \u00a7 3\u00b0 do art.98 da Lei nnnn\/8.112, de 11 de Dezembro de 1990.<\/p>\n<p><a href=\"http:\/\/www.planalto.gov.br\/ccivil_03\/_Ato2007-2010\/2010\/Lei\/L12319.htm\"><strong>Lei n\u00b012.319\/10<\/strong> <\/a>&#8211; regulamenta a profiss\u00e3o de Tradutor e Int\u00e9rprete de L\u00edngua Brasileira de Sinais \u2013 LIBRAS<\/p>\n<p><strong><a href=\"http:\/\/www.jusbrasil.com.br\/legislacao\/823494\/lei-12266-10\">Lei n\u00b012.266\/10<\/a><\/strong> \u2013 Institui o Dia Nacional do sistema Braille<\/p>\n<p><strong><a href=\"http:\/\/www.planalto.gov.br\/ccivil_03\/_Ato2004-2006\/2005\/Lei\/L11133.htm\">Lei n\u00b011.133\/05<\/a><\/strong> \u2013 Institui o Dia Nacional de Luta da Pessoa Portadora de Defici\u00eancia<\/p>\n<p><strong><a href=\"http:\/\/www.planalto.gov.br\/ccivil_03\/_ato2004-2006\/2005\/Lei\/L11126.htm\">Lei n\u00b011.112\/05<\/a><\/strong> \u2013 Disp\u00f5e sobre o direito do portador de defici\u00eanca visual ingressar e permanecer em ambientes de uso coletivo acompanhado de c\u00e3o-guia.<\/p>\n<p><a href=\"http:\/\/www.planalto.gov.br\/ccivil_03\/LEIS\/2002\/L10436.htm\" target=\"_blank\"><strong>Lei n\u00ba 10.436\/02<\/strong><\/a> \u2013 Disp\u00f5e sobre a L\u00edngua Brasileira de Sinais \u2013 Libras e d\u00e1 outras provid\u00eancias.<\/p>\n<p><strong><a href=\"http:\/\/www.planalto.gov.br\/ccivil_03\/leis\/l10098.htm\">Lei n\u00b0 10.098\/00<\/a> <\/strong>&#8211; Estabelece normas gerais e crit\u00e9rios b\u00e1sicos para a promo\u00e7\u00e3o da acessibilidade das pessoas portadoras de defici\u00eancia ou com mobilidade reduzida, e d\u00e1 outras provid\u00eancias.<\/p>\n<p><strong><a href=\"http:\/\/www.planalto.gov.br\/ccivil_03\/leis\/l10048.htm\">Lei n\u00b010.048\/00<\/a><\/strong> \u2013 D\u00e1 prioridade de atendimento \u00e0s pessoas que especifica e d\u00e1 outras provid\u00eancias<\/p>\n<p><strong><a href=\"http:\/\/www.planalto.gov.br\/ccivil_03\/LEIS\/L9394.htm\" target=\"_blank\">Lei n\u00ba 9394\/96<\/a> \u2013 <\/strong>Lei de Diretrizes e Bases da Educa\u00e7\u00e3o Nacional \u2013 LDBN<\/p>\n<p><strong><a href=\"http:\/\/www.planalto.gov.br\/ccivil_03\/leis\/l8859.htm\">Lei n\u00ba 8.859\/94<\/a> <\/strong>&#8211; Modifica dispositivos da Lei n\u00ba 6.494, de 7 de dezembro de 1977, estendendo aos alunos de ensino especial o direito \u00e0 participa\u00e7\u00e3o em atividades de est\u00e1gio.<\/p>\n<p><strong><a href=\"http:\/\/portal.mec.gov.br\/seesp\/arquivos\/pdf\/lei8069_02.pdf\">Lei n\u00ba 8069\/90<\/a> \u2013 <\/strong>Estatuto da Crian\u00e7a e do Adolescente \u2013 Educa\u00e7\u00e3o Especial<\/p>\n<p><strong><a href=\"http:\/\/www.planalto.gov.br\/ccivil_03\/leis\/l7853.htm\">Lei n\u00ba 7.853\/89<\/a> \u2013 <\/strong>Disp\u00f5e sobre o apoio \u00e0s pessoas portadoras de defici\u00eancia, sua integra\u00e7\u00e3o social, sobre a Coordenadoria Nacional para Integra\u00e7\u00e3o da Pessoa Portadora de Defici\u00eancia \u2013 Corde, institui a tutela jurisdicional de interesses coletivos ou difusos dessas pessoas, disciplina e atua\u00e7\u00e3o do Minist\u00e9rio P\u00fablico, define crimes, e da outras provid\u00eancias.<\/p>\n<p><strong>DECRETOS<\/strong><\/p>\n<p><strong><a href=\"http:\/\/www.planalto.gov.br\/ccivil_03\/_Ato2011-2014\/2011\/Decreto\/D7612.htm\">Decreto n\u00b0 7.612\/11<\/a><\/strong> \u2013 Institui o Plano nacional dos Direitos das Pessoas com Defici\u00eancia \u2013 Plano Viver sem Limites.<\/p>\n<p><strong><a href=\"http:\/\/www.planalto.gov.br\/ccivil_03\/_Ato2011-2014\/2011\/Decreto\/D7611.htm\">Decreto n\u00b0 7.611\/11<\/a> <\/strong>&#8211; Disp\u00f5es sobre a educa\u00e7\u00e3o especial, o atendimento educacional especializado e d\u00e1 outras provid\u00eancias.<\/p>\n<p><strong><a href=\"http:\/\/www.planalto.gov.br\/ccivil_03\/_Ato2007-2010\/2010\/Decreto\/D7177.htm\">Decreto n\u00b0 7.177\/10<\/a><\/strong> \u2013 Altera o Anexo do Decreto n\u00b07.037, de 21 de dezembro de 2009, que aprova o Programa Nacional de Direitos Humanos \u2013 PNDH-3.<\/p>\n<p><strong><a href=\"http:\/\/www.planalto.gov.br\/ccivil_03\/_Ato2007-2010\/2009\/Decreto\/D7037.htm\">Decreto n\u00b07.037\/09<\/a><\/strong> \u2013 Aprova o Programa Nacional de Direitos Humanos \u2013 PNDH-3 e d\u00e1 outras provid\u00eancias.<\/p>\n<p><a href=\"http:\/\/www.planalto.gov.br\/ccivil_03\/_Ato2007-2010\/2008\/Decreto\/D6571.htm\" target=\"_blank\"><strong>Decreto n\u00ba 6.571\/08<\/strong><\/a> \u2013 Disp\u00f5e sobre o atendimento educacional especializado.<\/p>\n<p><a href=\"http:\/\/portal.mec.gov.br\/dmdocuments\/decreto186.pdf\" target=\"_blank\"><strong>Decreto n\u00ba 186\/08<\/strong><\/a> \u2013 Aprova o texto da Conven\u00e7\u00e3o sobre os Direitos das Pessoas com Defici\u00eancia e de seu Protocolo Facultativo, assinados em Nova Iorque, em 30 de mar\u00e7o de 2007.<\/p>\n<p><strong><a href=\"http:\/\/portal.mec.gov.br\/dmdocuments\/decreto6949_seesp.pdf\" target=\"_blank\">Decreto n\u00ba 6.949\/09<\/a><\/strong> \u2013 Promulga a Conven\u00e7\u00e3o Internacional sobre os Direitos das Pessoas com Defici\u00eancia e seu Protocolo Facultativo, assinados em Nova York, em 30 de mar\u00e7o de 2007.<\/p>\n<p><a href=\"http:\/\/www.planalto.gov.br\/ccivil_03\/_Ato2007-2010\/2007\/Decreto\/D6215.htm\" target=\"_blank\"><strong>Decreto n\u00ba 6.215\/07<\/strong><\/a> \u2013 Institui o Comit\u00ea Gestor de Pol\u00edticas de Inclus\u00e3o das Pessoas com Defici\u00eancia \u2013 CGPD<\/p>\n<p><a href=\"http:\/\/www.planalto.gov.br\/ccivil_03\/_Ato2007-2010\/2007\/Decreto\/D6214.htm\" target=\"_blank\"><strong>Decreto n\u00ba 6.214\/07<\/strong><\/a><strong> <\/strong>&#8211; Regulamenta o benef\u00edcio de presta\u00e7\u00e3o continuada da assist\u00eancia social devido \u00e0 pessoa com defici\u00eancia.<\/p>\n<p><a href=\"http:\/\/www.planalto.gov.br\/ccivil_03\/_Ato2007-2010\/2007\/Decreto\/D6094.htm\" target=\"_blank\"><strong>Decreto n\u00ba 6.094\/07<\/strong><\/a> \u2013 Disp\u00f5e sobre a implementa\u00e7\u00e3o do Plano de Metas Compromisso Todos pela Educa\u00e7\u00e3o.<\/p>\n<p><a href=\"http:\/\/www.planalto.gov.br\/ccivil_03\/_Ato2004-2006\/2005\/Decreto\/D5626.htm\" target=\"_blank\"><strong>Decreto n\u00ba 5.626\/05<\/strong><\/a><strong> <\/strong>&#8211; Regulamenta a Lei 10.436 que disp\u00f5e sobre a L\u00edngua Brasileira de Sinais \u2013 LIBRAS.<\/p>\n<p><a href=\"http:\/\/www.planalto.gov.br\/ccivil_03\/_Ato2004-2006\/2004\/Decreto\/D5296.htm\" target=\"_blank\"><strong>Decreto n\u00ba 5.296\/04<\/strong><\/a><strong> <\/strong>&#8211; Regulamenta as Leis n\u00b0 10.048 e 10.098 com \u00eanfase na Promo\u00e7\u00e3o de Acessibilidade<\/p>\n<p><a href=\"http:\/\/www.planalto.gov.br\/ccivil_03\/decreto\/2001\/D3956.htm\" target=\"_blank\"><strong>Decreto n\u00ba 3.956\/01<\/strong><\/a> \u2013 (Conven\u00e7\u00e3o da Guatemala) Promulga a Conven\u00e7\u00e3o Interamericana para a Elimina\u00e7\u00e3o de Todas as Formas de Discrimina\u00e7\u00e3o contra as Pessoas Portadoras de Defici\u00eancia.<\/p>\n<p><a href=\"http:\/\/www.planalto.gov.br\/ccivil_03\/decreto\/2001\/D3952.htm\" target=\"_blank\"><strong>Decreto n\u00ba 3.952\/01<\/strong><\/a> \u2013 Conselho Nacional de Combate \u00e0 Discrimina\u00e7\u00e3o.<\/p>\n<p><a href=\"http:\/\/www.planalto.gov.br\/ccivil_03\/decreto\/D3691.htm\" target=\"_blank\"><strong>Decreto n\u00ba 3.691\/00<\/strong><\/a> \u2013 Regulamenta a Lei n\u00ba 8.899, de 29 de junho de 1994, que disp\u00f5e sobre o transporte de pessoas portadoras de defici\u00eancia no sistema de transporte coletivo interestadual.<\/p>\n<p><a href=\"http:\/\/www.planalto.gov.br\/ccivil_03\/decreto\/D3298.htm\" target=\"_blank\"><strong> <\/strong><strong>Decreto n\u00ba 3.298\/99<\/strong><\/a><strong> <\/strong>&#8211; Regulamenta a Lei no 7.853, de 24 de outubro de 1989, disp\u00f5e sobre a Pol\u00edtica Nacional para a Integra\u00e7\u00e3o da Pessoa Portadora de Defici\u00eancia, consolida as normas de prote\u00e7\u00e3o, e d\u00e1 outras provid\u00eancias.<\/p>\n<p><a href=\"http:\/\/www.planalto.gov.br\/ccivil_03\/decreto\/D3076.htm\" target=\"_blank\"><strong>Decreto n\u00ba 3.076\/99<\/strong><\/a> \u2013 Cria o CONADE. Conselho Nacional dos Direitos da Pessoa Portadora de Defici\u00eancia e d\u00e1 outras provid\u00eancias.<\/p>\n<p><a href=\"http:\/\/www.planalto.gov.br\/ccivil_03\/decreto\/D2264.htm\" target=\"_blank\"><strong>Decreto n\u00ba 2.264\/97<\/strong><\/a> \u2013 Regulamenta a Lei n\u00ba 9.424\/96. Disp\u00f5e sobre fundo de Manuten\u00e7\u00e3o e Desenvolvimento do Ensino Fundamental e da Valoriza\u00e7\u00e3o do Magist\u00e9rio, na forma prevista no art. 60 \u00a7 7\u00b0, do ato das Disposi\u00e7\u00f5es Constitucionais Transit\u00f3rias e d\u00e1 outras provid\u00eancias.<\/p>\n<p><a href=\"http:\/\/www.planalto.gov.br\/ccivil_03\/decreto\/D0914.htm\" target=\"_blank\"><strong>Decreto n\u00ba 914\/93<\/strong><\/a><strong> &#8211;<\/strong> Pol\u00edtica Nacional para a Integra\u00e7\u00e3o da Pessoa Portadora de Defici\u00eancia.<\/p>\n<p><strong>PORTARIAS<\/strong><br \/>\n<strong>Portaria n\u00ba 976\/06<\/strong> \u2013 Crit\u00e9rios de acessibilidade os eventos do MEC.<\/p>\n<p><strong>Portaria n\u00ba 1.793\/94<\/strong> \u2013 Disp\u00f5e sobre a necessidade de complementar os curr\u00edculos de forma\u00e7\u00e3o de docentes e outros profissionais que interagem com portadores de necessidades especiais e d\u00e1 outras provid\u00eancias.<\/p>\n<p><strong>Portaria n\u00ba 3.284\/03<\/strong> \u2013 Disp\u00f5e sobre requisitos de acessibilidade de pessoas portadoras de defici\u00eancias, para instruir os processos de autoriza\u00e7\u00e3o e de reconhecimento de cursos, e de credenciamento de institui\u00e7\u00f5es.<\/p>\n<p><strong>Portaria n\u00ba 319\/99<\/strong> \u2013 Institui no Minist\u00e9rio da Educa\u00e7\u00e3o, vinculada \u00e0 Secretaria de Educa\u00e7\u00e3o Especial\/SEESP a Comiss\u00e3o Brasileira do Braille, de car\u00e1ter permanente.<\/p>\n<p><strong>Portaria n\u00ba 554\/00<\/strong> \u2013 Aprova o Regulamento Interno da Comiss\u00e3o Brasileira do Braille.<\/p>\n<p><strong>Portaria n\u00ba 8\/01<\/strong> \u2013 Est\u00e1gios.<\/p>\n<p><strong>RESOLU\u00c7\u00d5ES\/NORMAS\/POL\u00cdTICAS <\/strong><\/p>\n<p><strong>Resolu\u00e7\u00e3o n\u00ba. 4 CNE\/CEB<\/strong> -Inclui novo dispositivo \u00e0 Resolu\u00e7\u00e3o CNE\/CEB 1\/2005, que atualiza as Diretrizes Curriculares Nacionais definidas pelo Conselho Nacional de Educa\u00e7\u00e3o para o Ensino M\u00e9dio e para a Educa\u00e7\u00e3o Profissional T\u00e9cnica de n\u00edvel m\u00e9dio \u00e0s disposi\u00e7\u00f5es do Decreto n\u00ba 5.154\/2004.<\/p>\n<p><strong>Resolu\u00e7\u00e3o CNE\/CP n\u00ba 1\/02<\/strong> \u2013 Diretrizes Curriculares Nacionais para a Forma\u00e7\u00e3o de Professores.<\/p>\n<p><strong>Resolu\u00e7\u00e3o CNE\/CEB n\u00ba 2\/01<\/strong> \u2013 Institui Diretrizes Nacionais para a Educa\u00e7\u00e3o Especial na Educa\u00e7\u00e3o B\u00e1sica.<\/p>\n<p><strong>Resolu\u00e7\u00e3o CNE\/CP n\u00ba 2\/02<\/strong> \u2013 Institui a dura\u00e7\u00e3o e a carga hor\u00e1ria de cursos.<\/p>\n<p><strong> Resolu\u00e7\u00e3o n\u00ba 02\/81<\/strong> \u2013 Prazo de conclus\u00e3o do curso de gradua\u00e7\u00e3o.<br \/>\n<a href=\"http:\/\/portal.mec.gov.br\/seesp\/arquivos\/pdf\/res2_81.pdf\" target=\"_blank\"><br \/>\n<\/a><strong>Resolu\u00e7\u00e3o n\u00ba 05\/87<\/strong> \u2013 Altera a reda\u00e7\u00e3o do Art. 1\u00ba da Resolu\u00e7\u00e3o n\u00ba 2\/81.<\/p>\n<p><strong>ABNT \/NBR \u2013 9050 \u2013 <\/strong>Disp\u00f5e sobre<strong> <\/strong>acessibilidade a edifica\u00e7\u00f5es, mobili\u00e1rio, espa\u00e7o e equipamentos urbanos.<\/p>\n<p><strong>Pol\u00edtica Nacional de Educa\u00e7\u00e3o Especial na Perspectiva da Educa\u00e7\u00e3o Inclusiva \u2013 <\/strong>7 de janeiro de 2008.<\/p>\n<p><a href=\"https:\/\/napne.ifbaiano.edu.br\/portal\/wp-content\/uploads\/2013\/08\/Pol\u00edtica-da-Diversidade-e-Inclus\u00e3o-do-IF-Baiano-Acess\u00edvel.odt\">Pol\u00edtica da Diversidade e Inclus\u00e3o do IF Baiano Acess\u00edvel<\/a><\/p>\n<p><strong>Aviso Circular n\u00ba 277\/96<\/strong> \u2013 Dirigido aos Reitores das IES solicitando a execu\u00e7\u00e3o adequada de uma pol\u00edtica educacional dirigida aos portadores de necessidades especiais.<\/p>\n<p><strong>DOCUMENTOS INTERNACIONAIS<\/strong><\/p>\n<p><a href=\"http:\/\/portal.mec.gov.br\/index.php?option=com_docman&amp;task=doc_download&amp;gid=424&amp;Itemid=\"><strong>Conven\u00e7\u00e3o<\/strong><\/a><strong> ONU Sobre os Direitos das Pessoas com Defici\u00eancia 2007.<\/strong><\/p>\n<p><a href=\"http:\/\/portal.mec.gov.br\/seesp\/arquivos\/pdf\/carta_milenio.pdf\"><strong>Carta para o Terceiro Mil\u00eanio<\/strong><\/a><\/p>\n<p><a href=\"http:\/\/portal.mec.gov.br\/seesp\/arquivos\/pdf\/salamanca.pdf\"><strong>Declara\u00e7\u00e3o de Salamanca<\/strong><\/a><\/p>\n<p><a href=\"http:\/\/portal.mec.gov.br\/seesp\/arquivos\/pdf\/confer_trab.pdf\"><strong>Confer\u00eancia Internacional do Trabalho<\/strong><\/a><\/p>\n<p><a href=\"http:\/\/portal.mec.gov.br\/seesp\/arquivos\/pdf\/dec_inclu.pdf\"><strong>Conven\u00e7\u00e3o da Guatemala<\/strong><\/a><\/p>\n<p><a href=\"http:\/\/portal.mec.gov.br\/seesp\/arquivos\/pdf\/dec_def.pdf\"><strong>Declara\u00e7\u00e3o dos Direitos das Pessoas Deficientes<\/strong><\/a><\/p>\n<p><a href=\"http:\/\/portal.mec.gov.br\/seesp\/arquivos\/pdf\/dec_inclu.pdf\"><strong>Declara\u00e7\u00e3o Internacional de Montreal sobre Inclus\u00e3<\/strong>o<\/a><\/p>\n","protected":false},"excerpt":{"rendered":"<p>Legisla\u00e7\u00e3o em \u00e1udio\u00a0&#8211; clique aqui\u00a0&#8211; https:\/\/napne.ifbaiano.edu.br\/portal\/?p=169 Constitui\u00e7\u00e3o Federal de 1988 \u2013 Educa\u00e7\u00e3o Especial [&#8230;] Art. 205. A educa\u00e7\u00e3o, direito de todos e dever do Estado e da fam\u00edlia, ser\u00e1 promovida e incentivada com a colabora\u00e7\u00e3o da sociedade, visando ao pleno desenvolvimento da pessoa, seu preparo para o exerc\u00edcio da cidadania e sua qualifica\u00e7\u00e3o para o [&hellip;]<\/p>\n","protected":false},"author":4,"featured_media":0,"parent":0,"menu_order":0,"comment_status":"open","ping_status":"closed","template":"","meta":[],"_links":{"self":[{"href":"https:\/\/napne.ifbaiano.edu.br\/portal\/index.php?rest_route=\/wp\/v2\/pages\/124"}],"collection":[{"href":"https:\/\/napne.ifbaiano.edu.br\/portal\/index.php?rest_route=\/wp\/v2\/pages"}],"about":[{"href":"https:\/\/napne.ifbaiano.edu.br\/portal\/index.php?rest_route=\/wp\/v2\/types\/page"}],"author":[{"embeddable":true,"href":"https:\/\/napne.ifbaiano.edu.br\/portal\/index.php?rest_route=\/wp\/v2\/users\/4"}],"replies":[{"embeddable":true,"href":"https:\/\/napne.ifbaiano.edu.br\/portal\/index.php?rest_route=%2Fwp%2Fv2%2Fcomments&post=124"}],"version-history":[{"count":10,"href":"https:\/\/napne.ifbaiano.edu.br\/portal\/index.php?rest_route=\/wp\/v2\/pages\/124\/revisions"}],"predecessor-version":[{"id":298,"href":"https:\/\/napne.ifbaiano.edu.br\/portal\/index.php?rest_route=\/wp\/v2\/pages\/124\/revisions\/298"}],"wp:attachment":[{"href":"https:\/\/napne.ifbaiano.edu.br\/portal\/index.php?rest_route=%2Fwp%2Fv2%2Fmedia&parent=124"}],"curies":[{"name":"wp","href":"https:\/\/api.w.org\/{rel}","templated":true}]}}